{"id":852161,"date":"2025-06-17T16:28:19","date_gmt":"2025-06-17T20:28:19","guid":{"rendered":"https:\/\/fuzehr.com\/job\/coordonnateur-trice-des-ventes-ste-adele-canada-fr\/"},"modified":"2025-09-04T14:26:33","modified_gmt":"2025-09-04T18:26:33","slug":"coordonnateur-trice-des-ventes-ste-adele-canada-fr-52","status":"expired","type":"job_listing","link":"https:\/\/fuzehr.com\/fr\/?post_type=job_listing&p=852161","title":{"rendered":"Coordonnateur (trice) Des Ventes"},"content":{"rendered":"<p class='mt20'>\n<div><strong>COORDONNATEUR(TRICE) DES VENTES \u2013 H\u00d4TELLERIE \u2013 LAURENTIDES<\/strong><\/div>\n<div><br data-start=\"227\" data-end=\"230\">Poste \u00e0 temps plein \u2013 Remplacement \u00e0 long terme<\/div>\n<p><\/p>\n<div>Un \u00e9tablissement h\u00f4telier embl\u00e9matique des Laurentides, r\u00e9cemment r\u00e9nov\u00e9, est \u00e0 la recherche d\u2019un(e) coordonnateur(trice) des ventes pour soutenir l\u2019\u00e9quipe en place. Ce poste, tr\u00e8s administratif, joue un r\u00f4le central dans le bon fonctionnement des op\u00e9rations commerciales.<\/div>\n<p><\/p>\n<div><strong>Salaire annuel<\/strong> : 45 000 $<br data-start=\"586\" data-end=\"589\"><strong>Entr\u00e9e en poste<\/strong> : d\u00e8s que possible<\/div>\n<p><\/p>\n<div><strong>Horaire :<\/strong><\/div>\n<ul class=\"list mt20\">\n<li>9h \u00e0 17h, du lundi au vendredi<\/li>\n<li>100 % en pr\u00e9sentiel<\/li>\n<\/ul>\n<div><strong>\u00c9quipe en place :<\/strong><\/div>\n<ul data-end=\"790\" data-start=\"719\">\n<li data-end=\"753\" data-start=\"719\">\n<div>Directrice ventes et marketing<\/div>\n<\/li>\n<li data-end=\"790\" data-start=\"754\">\n<div>D\u00e9l\u00e9gu\u00e9(e) commercial(e) groupes<\/div>\n<\/li>\n<\/ul>\n<div>Responsabilit\u00e9s principales :<\/div>\n<ul data-end=\"1385\" data-start=\"826\">\n<li data-end=\"896\" data-start=\"826\">\n<div>Assister l\u2019\u00e9quipe de ventes dans la gestion quotidienne des dossiers<\/div>\n<\/li>\n<li data-end=\"963\" data-start=\"897\">\n<div>Pr\u00e9parer et envoyer devis, contrats et propositions commerciales<\/div>\n<\/li>\n<li data-end=\"1042\" data-start=\"964\">\n<div>Suivre les opportunit\u00e9s en cours via les outils CRM et produire des rapports<\/div>\n<\/li>\n<li data-end=\"1107\" data-start=\"1043\">\n<div>R\u00e9pondre aux demandes des clients, assurer un suivi de qualit\u00e9<\/div>\n<\/li>\n<li data-end=\"1183\" data-start=\"1108\">\n<div>Coordonner les actions de marketing en collaboration avec l\u2019\u00e9quipe d\u00e9di\u00e9e<\/div>\n<\/li>\n<li data-end=\"1297\" data-start=\"1184\">\n<div>Maintenir une communication fluide avec les d\u00e9partements internes pour garantir une exp\u00e9rience client coh\u00e9rente<\/div>\n<\/li>\n<li data-end=\"1385\" data-start=\"1298\">\n<div>D\u00e9velopper une connaissance approfondie de l\u2019offre et des services de l\u2019\u00e9tablissement<\/div>\n<\/li>\n<\/ul>\n<div><strong>Exigences :<\/strong><\/div>\n<ul data-end=\"1660\" data-start=\"1403\">\n<li data-end=\"1469\" data-start=\"1403\">\n<div>Parfait bilinguisme (fran\u00e7ais et anglais, \u00e0 l\u2019oral et \u00e0 l\u2019\u00e9crit)<\/div>\n<\/li>\n<li data-end=\"1542\" data-start=\"1470\">\n<div>Exp\u00e9rience dans un r\u00f4le administratif li\u00e9 aux ventes ou \u00e0 l\u2019h\u00f4tellerie<\/div>\n<\/li>\n<li data-end=\"1601\" data-start=\"1543\">\n<div>Habiter la r\u00e9gion des Laurentides ou proximit\u00e9 imm\u00e9diate<\/div>\n<\/li>\n<li data-end=\"1660\" data-start=\"1602\">\n<div>Excellente organisation, rigueur, entregent, polyvalence<\/div>\n<\/li>\n<\/ul>\n<div><strong>Conditions et avantages :<\/strong><\/div>\n<ul data-end=\"2031\" data-start=\"1692\">\n<li data-end=\"1735\" data-start=\"1692\">\n<div>Environnement de travail r\u00e9cemment r\u00e9nov\u00e9<\/div>\n<\/li>\n<li data-end=\"1761\" data-start=\"1736\">\n<div>Repas offerts sur place<\/div>\n<\/li>\n<li data-end=\"1823\" data-start=\"1762\">\n<div>Participation de l\u2019employeur \u00e0 un r\u00e9gime de retraite (RPDB)<\/div>\n<\/li>\n<li data-end=\"1886\" data-start=\"1824\">\n<div>Plan d\u2019assurance collective et programme d\u2019aide aux employ\u00e9s<\/div>\n<\/li>\n<li data-end=\"1956\" data-start=\"1887\">\n<div>R\u00e9ductions tarifaires dans divers \u00e9tablissements du r\u00e9seau h\u00f4telier<\/div>\n<\/li>\n<li data-end=\"2002\" data-start=\"1957\">\n<div>2 \u00e0 3 semaines de vacances selon exp\u00e9rience<\/div>\n<\/li>\n<li data-end=\"2031\" data-start=\"2003\">\n<div>Programme de r\u00e9f\u00e9rencement<\/div>\n<\/li>\n<\/ul>\n<div><strong>Informations compl\u00e9mentaires :<\/strong><\/div>\n<ul data-end=\"2156\" data-start=\"2068\">\n<li data-end=\"2123\" data-start=\"2068\">\n<div>Poste en remplacement, avec possibilit\u00e9 de permanence<\/div>\n<\/li>\n<li data-end=\"2156\" data-start=\"2124\">\n<div>\u00c9tablissement ouvert \u00e0 l\u2019ann\u00e9e<\/div>\n<\/li>\n<\/ul>\n<div>Merci d\u2019envoyer votre candidature \u00e0 : cvhotellerie@fuzehr.com<\/div>\n<p><\/p>\n<div>Seules les candidatures retenues seront contact\u00e9es.<br data-start=\"2276\" data-end=\"2279\">L\u2019utilisation du masculin a pour seul but d\u2019all\u00e9ger le texte.<\/div>\n<\/p>\n<div style='font-weight: bold'>Contract Info \/ Information sur le contrat<\/div>\n<ul class='list mt20'>\n<li>Job ID \/ No. du Poste: 48042802<\/li>\n<li>Open Positions \/ Postes Ouverts: 1<\/li>\n<\/ul>\n","protected":false},"author":1,"featured_media":0,"template":"","meta":{"_job_location":"Ste-Ad\u00e8le, QC, Canada","_application":"jobs@fuzehr.com","_company_name":"","_company_website":"","_company_tagline":"","_company_twitter":"","_company_video":"","_filled":0,"_featured":0},"job-categories":[882],"job-types":[746],"job_listing_career_level":[],"job_listing_experience":[],"job_listing_qualification":[],"yoast_head":"<!-- This site is optimized with the Yoast SEO plugin v23.5 - https:\/\/yoast.com\/wordpress\/plugins\/seo\/ -->\n<title>Coordonnateur (trice) Des Ventes - Fuze HR Solutions<\/title>\n<meta name=\"robots\" content=\"index, follow, max-snippet:-1, max-image-preview:large, max-video-preview:-1\" \/>\n<link rel=\"canonical\" href=\"https:\/\/fuzehr.com\/?post_type=job_listing&p=852160\" \/>\n<meta property=\"og:locale\" content=\"fr_FR\" \/>\n<meta property=\"og:type\" content=\"article\" \/>\n<meta property=\"og:title\" content=\"Coordonnateur (trice) Des Ventes - Fuze HR Solutions\" \/>\n<meta property=\"og:description\" content=\"COORDONNATEUR(TRICE) DES VENTES \u2013 H\u00d4TELLERIE \u2013 LAURENTIDES Poste \u00e0 temps plein \u2013 Remplacement \u00e0 long terme Un \u00e9tablissement h\u00f4telier embl\u00e9matique des Laurentides, r\u00e9cemment r\u00e9nov\u00e9, est \u00e0 la recherche d\u2019un(e) coordonnateur(trice) des ventes pour soutenir l\u2019\u00e9quipe en place. Ce poste, tr\u00e8s administratif, joue un r\u00f4le central dans le bon fonctionnement des op\u00e9rations commerciales. Salaire annuel : [&hellip;]\" \/>\n<meta property=\"og:url\" content=\"https:\/\/fuzehr.com\/?post_type=job_listing&amp;p=852160\" \/>\n<meta property=\"og:site_name\" content=\"Fuze HR Solutions\" \/>\n<meta property=\"article:modified_time\" content=\"2025-09-04T18:26:33+00:00\" \/>\n<meta property=\"og:image\" content=\"https:\/\/fuzehr.com\/wp-content\/uploads\/feautred_image_1.jpg\" \/>\n\t<meta property=\"og:image:width\" content=\"1200\" \/>\n\t<meta property=\"og:image:height\" content=\"600\" \/>\n\t<meta property=\"og:image:type\" content=\"image\/jpeg\" \/>\n<meta name=\"twitter:card\" content=\"summary_large_image\" \/>\n<meta name=\"twitter:site\" content=\"@fuzehr\" \/>\n<meta name=\"twitter:label1\" content=\"Dur\u00e9e de lecture estim\u00e9e\" \/>\n\t<meta name=\"twitter:data1\" content=\"2 minutes\" \/>\n<script type=\"application\/ld+json\" class=\"yoast-schema-graph\">{\"@context\":\"https:\/\/schema.org\",\"@graph\":[{\"@type\":\"WebPage\",\"@id\":\"https:\/\/fuzehr.com\/?post_type=job_listing&p=852160\",\"url\":\"https:\/\/fuzehr.com\/?post_type=job_listing&p=852160\",\"name\":\"Coordonnateur (trice) Des Ventes - Fuze HR Solutions\",\"isPartOf\":{\"@id\":\"https:\/\/fuzehr.com\/fr\/#website\"},\"datePublished\":\"2025-06-17T20:28:19+00:00\",\"dateModified\":\"2025-09-04T18:26:33+00:00\",\"breadcrumb\":{\"@id\":\"https:\/\/fuzehr.com\/?post_type=job_listing&p=852160#breadcrumb\"},\"inLanguage\":\"fr-FR\",\"potentialAction\":[{\"@type\":\"ReadAction\",\"target\":[\"https:\/\/fuzehr.com\/?post_type=job_listing&p=852160\"]}]},{\"@type\":\"BreadcrumbList\",\"@id\":\"https:\/\/fuzehr.com\/?post_type=job_listing&p=852160#breadcrumb\",\"itemListElement\":[{\"@type\":\"ListItem\",\"position\":1,\"name\":\"Home\",\"item\":\"https:\/\/fuzehr.com\/fr\/\"},{\"@type\":\"ListItem\",\"position\":2,\"name\":\"Postes\",\"item\":\"https:\/\/fuzehr.com\/fr\/job-listings\/\"},{\"@type\":\"ListItem\",\"position\":3,\"name\":\"Coordonnateur (trice) Des Ventes\"}]},{\"@type\":\"WebSite\",\"@id\":\"https:\/\/fuzehr.com\/fr\/#website\",\"url\":\"https:\/\/fuzehr.com\/fr\/\",\"name\":\"Fuze HR Solutions\",\"description\":\"Staffing &amp; Recruitment Agency | Temporary &amp; Permanent Jobs\",\"publisher\":{\"@id\":\"https:\/\/fuzehr.com\/fr\/#organization\"},\"potentialAction\":[{\"@type\":\"SearchAction\",\"target\":{\"@type\":\"EntryPoint\",\"urlTemplate\":\"https:\/\/fuzehr.com\/fr\/?s={search_term_string}\"},\"query-input\":{\"@type\":\"PropertyValueSpecification\",\"valueRequired\":true,\"valueName\":\"search_term_string\"}}],\"inLanguage\":\"fr-FR\"},{\"@type\":\"Organization\",\"@id\":\"https:\/\/fuzehr.com\/fr\/#organization\",\"name\":\"Fuze HR Solutions Inc.\",\"url\":\"https:\/\/fuzehr.com\/fr\/\",\"logo\":{\"@type\":\"ImageObject\",\"inLanguage\":\"fr-FR\",\"@id\":\"https:\/\/fuzehr.com\/fr\/#\/schema\/logo\/image\/\",\"url\":\"https:\/\/fuzehr.com\/wp-content\/uploads\/logo.png\",\"contentUrl\":\"https:\/\/fuzehr.com\/wp-content\/uploads\/logo.png\",\"width\":512,\"height\":512,\"caption\":\"Fuze HR Solutions Inc.\"},\"image\":{\"@id\":\"https:\/\/fuzehr.com\/fr\/#\/schema\/logo\/image\/\"},\"sameAs\":[\"https:\/\/x.com\/fuzehr\",\"https:\/\/www.linkedin.com\/company\/fuzehrsolutions\"]}]}<\/script>\n<!-- \/ Yoast SEO plugin. -->","yoast_head_json":{"title":"Coordonnateur (trice) Des Ventes - Fuze HR Solutions","robots":{"index":"index","follow":"follow","max-snippet":"max-snippet:-1","max-image-preview":"max-image-preview:large","max-video-preview":"max-video-preview:-1"},"canonical":"https:\/\/fuzehr.com\/?post_type=job_listing&p=852160","og_locale":"fr_FR","og_type":"article","og_title":"Coordonnateur (trice) Des Ventes - Fuze HR Solutions","og_description":"COORDONNATEUR(TRICE) DES VENTES \u2013 H\u00d4TELLERIE \u2013 LAURENTIDES Poste \u00e0 temps plein \u2013 Remplacement \u00e0 long terme Un \u00e9tablissement h\u00f4telier embl\u00e9matique des Laurentides, r\u00e9cemment r\u00e9nov\u00e9, est \u00e0 la recherche d\u2019un(e) coordonnateur(trice) des ventes pour soutenir l\u2019\u00e9quipe en place. Ce poste, tr\u00e8s administratif, joue un r\u00f4le central dans le bon fonctionnement des op\u00e9rations commerciales. Salaire annuel : [&hellip;]","og_url":"https:\/\/fuzehr.com\/?post_type=job_listing&p=852160","og_site_name":"Fuze HR Solutions","article_modified_time":"2025-09-04T18:26:33+00:00","og_image":[{"width":1200,"height":600,"url":"https:\/\/fuzehr.com\/wp-content\/uploads\/feautred_image_1.jpg","type":"image\/jpeg"}],"twitter_card":"summary_large_image","twitter_site":"@fuzehr","twitter_misc":{"Dur\u00e9e de lecture estim\u00e9e":"2 minutes"},"schema":{"@context":"https:\/\/schema.org","@graph":[{"@type":"WebPage","@id":"https:\/\/fuzehr.com\/?post_type=job_listing&p=852160","url":"https:\/\/fuzehr.com\/?post_type=job_listing&p=852160","name":"Coordonnateur (trice) Des Ventes - Fuze HR Solutions","isPartOf":{"@id":"https:\/\/fuzehr.com\/fr\/#website"},"datePublished":"2025-06-17T20:28:19+00:00","dateModified":"2025-09-04T18:26:33+00:00","breadcrumb":{"@id":"https:\/\/fuzehr.com\/?post_type=job_listing&p=852160#breadcrumb"},"inLanguage":"fr-FR","potentialAction":[{"@type":"ReadAction","target":["https:\/\/fuzehr.com\/?post_type=job_listing&p=852160"]}]},{"@type":"BreadcrumbList","@id":"https:\/\/fuzehr.com\/?post_type=job_listing&p=852160#breadcrumb","itemListElement":[{"@type":"ListItem","position":1,"name":"Home","item":"https:\/\/fuzehr.com\/fr\/"},{"@type":"ListItem","position":2,"name":"Postes","item":"https:\/\/fuzehr.com\/fr\/job-listings\/"},{"@type":"ListItem","position":3,"name":"Coordonnateur (trice) Des Ventes"}]},{"@type":"WebSite","@id":"https:\/\/fuzehr.com\/fr\/#website","url":"https:\/\/fuzehr.com\/fr\/","name":"Fuze HR Solutions","description":"Staffing &amp; Recruitment Agency | Temporary &amp; Permanent Jobs","publisher":{"@id":"https:\/\/fuzehr.com\/fr\/#organization"},"potentialAction":[{"@type":"SearchAction","target":{"@type":"EntryPoint","urlTemplate":"https:\/\/fuzehr.com\/fr\/?s={search_term_string}"},"query-input":{"@type":"PropertyValueSpecification","valueRequired":true,"valueName":"search_term_string"}}],"inLanguage":"fr-FR"},{"@type":"Organization","@id":"https:\/\/fuzehr.com\/fr\/#organization","name":"Fuze HR Solutions Inc.","url":"https:\/\/fuzehr.com\/fr\/","logo":{"@type":"ImageObject","inLanguage":"fr-FR","@id":"https:\/\/fuzehr.com\/fr\/#\/schema\/logo\/image\/","url":"https:\/\/fuzehr.com\/wp-content\/uploads\/logo.png","contentUrl":"https:\/\/fuzehr.com\/wp-content\/uploads\/logo.png","width":512,"height":512,"caption":"Fuze HR Solutions Inc."},"image":{"@id":"https:\/\/fuzehr.com\/fr\/#\/schema\/logo\/image\/"},"sameAs":["https:\/\/x.com\/fuzehr","https:\/\/www.linkedin.com\/company\/fuzehrsolutions"]}]}},"_links":{"self":[{"href":"https:\/\/fuzehr.com\/fr\/wp-json\/wp\/v2\/job-listings\/852161"}],"collection":[{"href":"https:\/\/fuzehr.com\/fr\/wp-json\/wp\/v2\/job-listings"}],"about":[{"href":"https:\/\/fuzehr.com\/fr\/wp-json\/wp\/v2\/types\/job_listing"}],"author":[{"embeddable":true,"href":"https:\/\/fuzehr.com\/fr\/wp-json\/wp\/v2\/users\/1"}],"wp:attachment":[{"href":"https:\/\/fuzehr.com\/fr\/wp-json\/wp\/v2\/media?parent=852161"}],"wp:term":[{"taxonomy":"job_listing_category","embeddable":true,"href":"https:\/\/fuzehr.com\/fr\/wp-json\/wp\/v2\/job-categories?post=852161"},{"taxonomy":"job_listing_type","embeddable":true,"href":"https:\/\/fuzehr.com\/fr\/wp-json\/wp\/v2\/job-types?post=852161"},{"taxonomy":"job_listing_career_level","embeddable":true,"href":"https:\/\/fuzehr.com\/fr\/wp-json\/wp\/v2\/job_listing_career_level?post=852161"},{"taxonomy":"job_listing_experience","embeddable":true,"href":"https:\/\/fuzehr.com\/fr\/wp-json\/wp\/v2\/job_listing_experience?post=852161"},{"taxonomy":"job_listing_qualification","embeddable":true,"href":"https:\/\/fuzehr.com\/fr\/wp-json\/wp\/v2\/job_listing_qualification?post=852161"}],"curies":[{"name":"wp","href":"https:\/\/api.w.org\/{rel}","templated":true}]}}